{"id":44,"date":"2017-01-12T20:29:49","date_gmt":"2017-01-12T19:29:49","guid":{"rendered":"http:\/\/asso-annepierjean.fr\/?page_id=44"},"modified":"2018-03-24T15:49:19","modified_gmt":"2018-03-24T14:49:19","slug":"anne-pierjean","status":"publish","type":"page","link":"https:\/\/asso-annepierjean.fr\/?page_id=44","title":{"rendered":"ANNE PIERJEAN, L&rsquo;AUTEUR"},"content":{"rendered":"<h5 style=\"text-align: right;\"><span style=\"color: #0000ff;\">\u00a0\u00a0\u00a0\u00a0\u00a0\u00a0\u00a0\u00a0\u00a0\u00a0\u00a0\u00a0\u00a0\u00a0\u00a0\u00a0\u00a0\u00a0\u00a0\u00a0\u00a0\u00a0\u00a0\u00a0\u00a0\u00a0\u00a0\u00a0\u00a0\u00a0 \u00a0\u00a0\u00a0\u00a0\u00a0\u00a0\u00a0\u00a0\u00a0\u00a0\u00a0\u00a0\u00a0\u00a0<\/span><\/h5>\n<p><span style=\"color: #0000ff;\">La\u00a0vocation de <span style=\"color: #ff00ff;\">l&rsquo;Association Anne Pierjean, les mots et le jardin<\/span>, \u00a0est de faire vivre l\u2019\u00e9criture d\u2019 <strong>Anne Pierjean<\/strong>, de la faire conna\u00eetre et valoriser, de continuer \u00e0 la diffuser \u00e0 travers la publication de manuscrits in\u00e9dits et la r\u00e9-\u00e9dition de certains de ses livres\u2026 comme de soutenir toute action ou expression artistique autour de cette<a style=\"color: #0000ff;\" href=\"https:\/\/asso-annepierjean.fr\/?page_id=226\"> \u00e9criture.<\/a><\/span><\/p>\n<p><span style=\"color: #0000ff;\"><strong>Anne Pierjean<\/strong> \u00e9tait de St Avit et de Crest. Son oeuvre a mis en sc\u00e8ne des personnages et des lieux d\u2019ici, tr\u00e8s enracin\u00e9e dans la vie en Dr\u00f4me des Collines, en Vercors et en Dauphin\u00e9.<\/span><\/p>\n<p><span style=\"color: #0000ff;\">Mais son \u00e9criture va bien au-del\u00e0 du t\u00e9moignage et de la description de la vie dans nos villages ou d\u2019une \u00e9poque. Nous souhaitons continuer \u00e0 lui faire \u00e9cho.<\/span><\/p>\n<p><span style=\"color: #0000ff;\"><a style=\"color: #0000ff;\" href=\"https:\/\/asso-annepierjean.fr\/?attachment_id=315\" rel=\"attachment wp-att-315\"><img decoding=\"async\" loading=\"lazy\" class=\"wp-image-315 size-full aligncenter\" src=\"https:\/\/asso-annepierjean.fr\/wp-content\/uploads\/2017\/01\/apj-ecole1.jpg\" width=\"349\" height=\"359\" srcset=\"https:\/\/asso-annepierjean.fr\/wp-content\/uploads\/2017\/01\/apj-ecole1.jpg 349w, https:\/\/asso-annepierjean.fr\/wp-content\/uploads\/2017\/01\/apj-ecole1-292x300.jpg 292w\" sizes=\"(max-width: 349px) 100vw, 349px\" \/><\/a><\/span><\/p>\n<p><span style=\"color: #0000ff;\">Elle a eu une place tr\u00e8s reconnue dans la litt\u00e9rature enfantine des ann\u00e9es 70-90.<\/span><\/p>\n<p><span style=\"color: #0000ff;\">Ses publications pour enfants et adolescents peuvent se lire \u00e0 l\u2019\u00e2ge adulte et ses derni\u00e8res parutions (<em>L\u2019Instant exact<\/em> en 2002 et<em> La sente termini\u00e8re<\/em>, posthume, en 2010) leur sont adress\u00e9es.<\/span><\/p>\n<p><span style=\"color: #0000ff;\">Elle portait haut l\u2019exigence d\u2019une belle \u00e9criture, riche, noble et travaill\u00e9e, cisel\u00e9e m\u00eame, destin\u00e9e \u00e0 rejoindre la richesse \u00e9motionnelle et la psychologie des enfants, qu\u2019elle a profond\u00e9ment aim\u00e9s et reconnus dans leurs besoins fondamentaux, au cours de sa vie d\u2019enseignante, de femme et d\u2019auteur.<\/span><\/p>\n<p><span style=\"color: #0000ff;\">Continuant tout au long de sa vie les \u00e9changes avec les classes, primaires et secondaires, biblioth\u00e8ques, m\u00e9diath\u00e8ques, responsables d\u2019enfance, les partages engag\u00e9s avec les femmes dans leurs difficult\u00e9s d\u2019\u00eatre, et les accompagnements de proches et d\u2019anciens dans leur dernier parcours de vie, elle a habit\u00e9 intens\u00e9ment le vivre, offrant sa voix et ses capacit\u00e9s de dire et d\u2019\u00e9crire.<\/span><\/p>\n<p><span style=\"color: #0000ff;\">A travers \u00e9dition de livres, textes, articles et po\u00e9sies, \u00e9changes p\u00e9dagogiques, partages actifs et constants, correspondance fervente, engagements pour la cause des enfants et aupr\u00e8s des femmes, r\u00e9flexion sur l\u2019\u00e9criture et accompagnement des enfants et des personnes, elle \u00e9tait consciente de son sillon \u00e0 creuser pour que la vie de chacun ait un sens au recul de l\u2019histoire et des temps.<\/span><\/p>\n<p><span style=\"color: #0000ff;\">Elle s\u2019est v\u00e9cue comme maillon d\u2019une cha\u00eene, habit\u00e9e par la n\u00e9cessit\u00e9 de transmettre.<\/span><\/p>\n<p><span style=\"color: #0000ff;\">Notre Association s\u2019inscrit dans l\u2019axe de cette exigence de vie et des r\u00e9sonances simplement sensibles, conscientes et humaines que ses mots ont port\u00e9es.<\/span><\/p>\n<p><span style=\"color: #0000ff;\">Son agir et sa pr\u00e9sence se sont d\u00e9clin\u00e9s de multiples fa\u00e7ons et en de multiples rencontres.<\/span><\/p>\n<p><span style=\"color: #0000ff;\"><a style=\"color: #0000ff;\" href=\"https:\/\/asso-annepierjean.fr\/?attachment_id=308\" rel=\"attachment wp-att-308\"><img decoding=\"async\" loading=\"lazy\" class=\"aligncenter wp-image-308 size-full\" src=\"https:\/\/asso-annepierjean.fr\/wp-content\/uploads\/2017\/01\/Anne-Pierjean.png\" width=\"474\" height=\"485\" srcset=\"https:\/\/asso-annepierjean.fr\/wp-content\/uploads\/2017\/01\/Anne-Pierjean.png 474w, https:\/\/asso-annepierjean.fr\/wp-content\/uploads\/2017\/01\/Anne-Pierjean-293x300.png 293w\" sizes=\"(max-width: 474px) 100vw, 474px\" \/><\/a><\/span><\/p>\n<p><span style=\"color: #0000ff;\">Nous nous inscrivons dans le d\u00e9sir de poursuivre la transmission de son \u00e9criture, de son engagement humain et de sa recherche.<\/span><\/p>\n<p><span style=\"color: #0000ff;\">Anne Grangeon<\/span><\/p>\n<p>&nbsp;<\/p>\n<p style=\"text-align: center;\">*\u00a0\u00a0\u00a0\u00a0\u00a0\u00a0\u00a0\u00a0 *\u00a0\u00a0\u00a0\u00a0\u00a0\u00a0 *\u00a0\u00a0\u00a0\u00a0\u00a0\u00a0 *\u00a0\u00a0\u00a0\u00a0\u00a0\u00a0 *\u00a0\u00a0\u00a0\u00a0\u00a0\u00a0 *<\/p>\n<pre style=\"text-align: center;\"><span style=\"color: #000080;\">Voici une de ces derni\u00e8res lettres, adress\u00e9e \u00e0 ses lecteurs dans les derniers mois de sa vie \u00e0 l'occasion de la parution de l'Instant exact, comme un remerciement.\r\n\r\n<\/span><span style=\"color: #0000ff;\">\u00a0<strong>Chers amis<\/strong><\/span><\/pre>\n<p style=\"text-align: center;\"><span style=\"color: #3366ff;\">\u00ab\u00a0J&rsquo;ai tellement de choses \u00e0 vous conter&#8230;<\/span><\/p>\n<p style=\"text-align: center;\"><span style=\"color: #3366ff;\">Tout \u00a0un concours de circonstances me met de nouveau sur la sellette (ce qui, vu mon \u00e2ge, ne saurait aller loin !). J&rsquo;ai \u00e9t\u00e9 amen\u00e9e \u00e0 donner de mes textes pour adultes \u00e0 cette \u00e9dition r\u00e9gionale (Gaspard Nocturne) car, comme toutes ces sortes d&rsquo;\u00e9ditions \u00e0 vocation artistique (et humaine entre auteur, \u00e9diteurs et lecteurs) ils vivent sur la corde-raide, toujours en passe de chute et au cours de rencontres lors de f\u00eates du livre j&rsquo;ai pu les appr\u00e9cier.<\/span><\/p>\n<p style=\"text-align: center;\"><span style=\"color: #3366ff;\">J&rsquo;avais gard\u00e9 le courrier avec les lecteurs et renonc\u00e9 \u00e0 l&rsquo;\u00e9dition&#8230; et me voil\u00e0, par sympathie, devenue Anne Pierjean-Robert, pour que les jeunes ne s&rsquo;y trompent pas (je demeure pour eux Anne Pierjean).<\/span><\/p>\n<p style=\"text-align: center;\"><span style=\"color: #3366ff;\">Donc, les \u00e9ditions Gaspard Nocturne ont publi\u00e9 leur 24 i\u00e8me <\/span><span style=\"color: #3366ff;\"><em>\u00a0iRouge<\/em><em>, <\/em>tout consacr\u00e9 \u00e0 moi, et cela (cette mutation de Anne Pierjean en Anne Pierjean-Robert, Robert est mon nom de jeune fille) a soulev\u00e9 un mouvement m\u00e9diatique qui m&rsquo;a beaucoup \u00e9mue. Et aussi des r\u00e9actions qui m&rsquo;ont fait sentir \u00e0 quel point j&rsquo;\u00e9tais encore dans le coeur de mes lecteurs . Au dernier \u00e2ge advenu , c&rsquo;est un puissant r\u00e9confort et une aide \u00e0 vivre indicible.<\/span><\/p>\n<p style=\"text-align: center;\"><span style=\"color: #3366ff;\">Le titre est \u00ab\u00a0L&rsquo;instant Exact\u00a0\u00bb<\/span><\/p>\n<p style=\"text-align: center;\"><span style=\"color: #3366ff;\">Vous avez lu et travaill\u00e9 avec Anne Pierjean et je vous en remercie de tout coeur. Je suis heureuse de penser que mes livres pour les jeunes ont \u00e9t\u00e9 reconnus en leur temps et ont laiss\u00e9 trace dans les m\u00e9moires.<\/span><\/p>\n<p style=\"text-align: center;\"><span style=\"color: #3366ff;\">A l&rsquo;\u00e2ge o\u00f9 l&rsquo;on vit beaucoup de souvenirs (et pour moi encore d&rsquo;\u00e9criture, qui m&rsquo;est souffle) c&rsquo;est une force douce que je ne saurais exprimer mais qui<strong> est<\/strong> et <strong>me porte<\/strong>.<\/span><\/p>\n<p style=\"text-align: center;\"><span style=\"color: #3366ff;\">J&rsquo;esp\u00e8re que L&rsquo;Instant Exact ne vous d\u00e9cevra pas, vous qui me connaissez de si longue date.<\/span><\/p>\n<p style=\"text-align: center;\"><span style=\"color: #3366ff;\">Les Marika, Nane, David, Sylvie et les autres ne grandissent pas. Et je me demande si la plume qui les a mis au monde a le droit de grandir&#8230;? Peut-\u00eatre attend-on toujours de moi des histoires d&rsquo;enfance ? Mais mes premiers lecteurs sont depuis longtemps adultes, alors je pense qu&rsquo;ils me \u00ab\u00a0retrouveront\u00a0\u00bb dans ma tendresse et mes cadences et mon amour des choses de la vie.<\/span><\/p>\n<p style=\"text-align: center;\"><span style=\"color: #3366ff;\">Gr\u00e2ce \u00e0 vous, votre confiance, votre amiti\u00e9, \u00a0j&rsquo;ai \u00e9crit.<\/span><\/p>\n<p style=\"text-align: center;\"><span style=\"color: #3366ff;\"> Je vous remercie\u00a0\u00bb\u00a0<\/span><\/p>\n<p style=\"text-align: center;\"><span style=\"color: #3366ff;\">Anne Pierjean-Robert \u00a0fin octobre 2002<\/span><\/p>\n<h3 style=\"text-align: center;\"><span style=\"color: #0000ff;\"><strong>* \u00a0 \u00a0 \u00a0 * \u00a0 \u00a0 \u00a0* \u00a0 \u00a0 \u00a0 * \u00a0 \u00a0 \u00a0* \u00a0 \u00a0 *<\/strong><\/span><\/h3>\n<h3 style=\"text-align: center;\"><span style=\"color: #ff00ff;\"><strong>L&rsquo;INSTANT EXACT<\/strong><\/span><\/h3>\n<p>&nbsp;<\/p>\n<p><span style=\"color: #3366ff;\">Ce livre est arriv\u00e9 au bout de sa route en une \u00e9criture \u00e9pur\u00e9e, po\u00e9tique, pour \u00e9voquer, comme \u00e0 une assembl\u00e9e du soir, feutr\u00e9e et confiante, les temps de son enfance puis de sa vie de femme et le temps de son pr\u00e9sent, en observations intenses et vives, en r\u00e9cits pudiques et donn\u00e9s, presque murmur\u00e9s, presque confidences, o\u00f9 les \u00e9motions s&rsquo;\u00e9maillent \u00e0 tous les \u00e9veils et \u00e0 la sensualit\u00e9, au plus pr\u00e8s de l&rsquo;humain et de la nature.<\/span> <span style=\"color: #3366ff;\">L&rsquo;\u00e9criture a jalonn\u00e9 son parcours dans la vie comme dans la litt\u00e9rature, m\u00eal\u00e9e \u00e0 tout, et la langue est devenue sienne, cisel\u00e9e et simple.<\/span> <span style=\"color: #3366ff;\">Elle nous invite \u00e0 un festin : images kal\u00e9idoscopes, instants de vie resurgis et aboutis en \u00e9cume, au ressac de ses souvenirs, mis en textes courts et incisifs comme bouch\u00e9es rondes \u00e0 d\u00e9guster.<\/span> <span style=\"color: #3366ff;\">Elle nous fait participer \u00e0 son art, au pas des jours, nous offre son style en mouvements intimes, sa pr\u00e9sence intemporelle et exacte, si touchante.<\/span><\/p>\n<p><span style=\"color: #3366ff;\">Anne Pierjean-Robert nous a quitt\u00e9s en quelques jours fragiles, en ce d\u00e9but d&rsquo;ann\u00e9e 2003, depuis longtemps funambule sur un fil de Joie, le fil de son go\u00fbt et de son bonheur d&rsquo;\u00eatre, apr\u00e8s un temps tr\u00e8s rempli de paroles authentiques, donn\u00e9es inconditionnellement, passionn\u00e9ment, apr\u00e8s un foisonnement de vie et de cr\u00e9ativit\u00e9 plurielle qu&rsquo;elle continue tr\u00e8s certainement de festonner \u00e0 l&rsquo;infini&#8230;<\/span><\/p>\n<p><span style=\"color: #3366ff;\">\u00a0 \u00a0 \u00a0 \u00a0 \u00a0 \u00a0 \u00a0 \u00a0 \u00a0 \u00a0 \u00a0 \u00a0 \u00a0 \u00a0 \u00a0 \u00a0 \u00a0 \u00a0 \u00a0 \u00a0 \u00a0 \u00a0 \u00a0 \u00a0 \u00a0 \u00a0 \u00a0 \u00a0 \u00a0 \u00a0Anne Grangeon, sa fille, fin janvier 2003<\/span><\/p>\n<p>&nbsp;<\/p>\n","protected":false},"excerpt":{"rendered":"<p>\u00a0\u00a0\u00a0\u00a0\u00a0\u00a0\u00a0\u00a0\u00a0\u00a0\u00a0\u00a0\u00a0\u00a0\u00a0\u00a0\u00a0\u00a0\u00a0\u00a0\u00a0\u00a0\u00a0\u00a0\u00a0\u00a0\u00a0\u00a0\u00a0\u00a0 \u00a0\u00a0\u00a0\u00a0\u00a0\u00a0\u00a0\u00a0\u00a0\u00a0\u00a0\u00a0\u00a0\u00a0 La\u00a0vocation de l&rsquo;Association Anne Pierjean, les mots et le jardin, \u00a0est de faire vivre l\u2019\u00e9criture d\u2019 Anne Pierjean, de la faire conna\u00eetre et valoriser, de continuer \u00e0 la diffuser \u00e0 travers la publication de manuscrits in\u00e9dits et la r\u00e9-\u00e9dition de certains de ses livres\u2026 comme de soutenir toute action ou expression artistique autour &hellip; <a href=\"https:\/\/asso-annepierjean.fr\/?page_id=44\" class=\"more-link\">Continuer la lecture de <span class=\"screen-reader-text\">ANNE PIERJEAN, L&rsquo;AUTEUR<\/span>  <span class=\"meta-nav\">&rarr;<\/span><\/a><\/p>\n","protected":false},"author":1,"featured_media":0,"parent":0,"menu_order":0,"comment_status":"closed","ping_status":"closed","template":"","meta":{"footnotes":""},"_links":{"self":[{"href":"https:\/\/asso-annepierjean.fr\/index.php?rest_route=\/wp\/v2\/pages\/44"}],"collection":[{"href":"https:\/\/asso-annepierjean.fr\/index.php?rest_route=\/wp\/v2\/pages"}],"about":[{"href":"https:\/\/asso-annepierjean.fr\/index.php?rest_route=\/wp\/v2\/types\/page"}],"author":[{"embeddable":true,"href":"https:\/\/asso-annepierjean.fr\/index.php?rest_route=\/wp\/v2\/users\/1"}],"replies":[{"embeddable":true,"href":"https:\/\/asso-annepierjean.fr\/index.php?rest_route=%2Fwp%2Fv2%2Fcomments&post=44"}],"version-history":[{"count":23,"href":"https:\/\/asso-annepierjean.fr\/index.php?rest_route=\/wp\/v2\/pages\/44\/revisions"}],"predecessor-version":[{"id":1539,"href":"https:\/\/asso-annepierjean.fr\/index.php?rest_route=\/wp\/v2\/pages\/44\/revisions\/1539"}],"wp:attachment":[{"href":"https:\/\/asso-annepierjean.fr\/index.php?rest_route=%2Fwp%2Fv2%2Fmedia&parent=44"}],"curies":[{"name":"wp","href":"https:\/\/api.w.org\/{rel}","templated":true}]}}